{"id":3205,"date":"2022-12-10T16:56:57","date_gmt":"2022-12-10T16:56:57","guid":{"rendered":"https:\/\/www.lausinyvicente.com\/non class\u00e9\/armoires-pour-vestiaire-melamine\/"},"modified":"2022-12-10T16:56:57","modified_gmt":"2022-12-10T16:56:57","slug":"armoires-vestiaire-melamine","status":"publish","type":"product","link":"https:\/\/www.lausinyvicente.com\/fr\/mobilier-de-sport\/armoires\/armoires-vestiaire-melamine","title":{"rendered":"Armoires pour vestiaire m\u00e9lamine"},"content":{"rendered":"","protected":false},"excerpt":{"rendered":"<p>Armoire \u00e0 une ou deux portes fabriqu\u00e9e en m\u00e9lamine de 16 mm d\u2019\u00e9paisseur. Fond en panneau perfor\u00e9 (a\u00e9ration arri\u00e8re) et montant complet. Corps et portes chanfrein\u00e9s en PVC. Dimensions : 1,80 x 0,30 x 0,50 m. Corps blanc et portes dans la couleur demand\u00e9e. Pieds en PVC r\u00e9glables en hauteur de 10 \u00e0 15 cm inclus. Plaques de num\u00e9rotation incluses. Mod\u00e8le \u00e0 serrure standard. Veuillez consulter les autres mod\u00e8les avec diff\u00e9rentes compositions, dimensions, nombre de portes, etc.        <\/p>\n","protected":false},"featured_media":3008,"template":"","meta":[],"product_cat":[95,94],"product_tag":[],"class_list":{"0":"post-3205","1":"product","2":"type-product","3":"status-publish","4":"has-post-thumbnail","6":"product_cat-armoires","7":"product_cat-mobilier-de-sport","9":"first","10":"instock","11":"shipping-taxable","12":"purchasable","13":"product-type-variable"},"yoast_head":"<!-- This site is optimized with the Yoast SEO plugin v27.0 - https:\/\/yoast.com\/product\/yoast-seo-wordpress\/ -->\n<title>Armoires pour vestiaire m\u00e9lamine - Laus\u00edn y Vicente<\/title>\n<meta name=\"robots\" content=\"index, follow, max-snippet:-1, max-image-preview:large, max-video-preview:-1\" \/>\n<link rel=\"canonical\" href=\"https:\/\/www.lausinyvicente.com\/fr\/mobilier-de-sport\/armoires\/armoires-vestiaire-melamine\" \/>\n<meta property=\"og:locale\" content=\"fr_FR\" \/>\n<meta property=\"og:type\" content=\"article\" \/>\n<meta property=\"og:title\" content=\"Armoires pour vestiaire m\u00e9lamine - Laus\u00edn y Vicente\" \/>\n<meta property=\"og:description\" content=\"Armoire \u00e0 une ou deux portes fabriqu\u00e9e en m\u00e9lamine de 16 mm d\u2019\u00e9paisseur. Fond en panneau perfor\u00e9 (a\u00e9ration arri\u00e8re) et montant complet. Corps et portes chanfrein\u00e9s en PVC. Dimensions : 1,80 x 0,30 x 0,50 m. Corps blanc et portes dans la couleur demand\u00e9e. Pieds en PVC r\u00e9glables en hauteur de 10 \u00e0 15 cm inclus. Plaques de num\u00e9rotation incluses. Mod\u00e8le \u00e0 serrure standard. Veuillez consulter les autres mod\u00e8les avec diff\u00e9rentes compositions, dimensions, nombre de portes, etc.\" \/>\n<meta property=\"og:url\" content=\"https:\/\/www.lausinyvicente.com\/fr\/mobilier-de-sport\/armoires\/armoires-vestiaire-melamine\" \/>\n<meta property=\"og:site_name\" content=\"Laus\u00edn y Vicente\" \/>\n<meta property=\"og:image\" content=\"https:\/\/www.lausinyvicente.com\/wp-content\/uploads\/2022\/12\/M.06.01-taquilla-melamina-bloque-individual-1-puerta.jpg\" \/>\n\t<meta property=\"og:image:width\" content=\"720\" \/>\n\t<meta property=\"og:image:height\" content=\"490\" \/>\n\t<meta property=\"og:image:type\" content=\"image\/jpeg\" \/>\n<meta name=\"twitter:card\" content=\"summary_large_image\" \/>\n<script type=\"application\/ld+json\" class=\"yoast-schema-graph\">{\"@context\":\"https:\/\/schema.org\",\"@graph\":[{\"@type\":\"WebPage\",\"@id\":\"https:\/\/www.lausinyvicente.com\/fr\/mobilier-de-sport\/armoires\/armoires-vestiaire-melamine\",\"url\":\"https:\/\/www.lausinyvicente.com\/fr\/mobilier-de-sport\/armoires\/armoires-vestiaire-melamine\",\"name\":\"Armoires pour vestiaire m\u00e9lamine - Laus\u00edn y Vicente\",\"isPartOf\":{\"@id\":\"https:\/\/www.lausinyvicente.com\/#website\"},\"primaryImageOfPage\":{\"@id\":\"https:\/\/www.lausinyvicente.com\/fr\/mobilier-de-sport\/armoires\/armoires-vestiaire-melamine#primaryimage\"},\"image\":{\"@id\":\"https:\/\/www.lausinyvicente.com\/fr\/mobilier-de-sport\/armoires\/armoires-vestiaire-melamine#primaryimage\"},\"thumbnailUrl\":\"https:\/\/www.lausinyvicente.com\/wp-content\/uploads\/2022\/12\/M.06.01-taquilla-melamina-bloque-individual-1-puerta.jpg\",\"datePublished\":\"2022-12-10T16:56:57+00:00\",\"breadcrumb\":{\"@id\":\"https:\/\/www.lausinyvicente.com\/fr\/mobilier-de-sport\/armoires\/armoires-vestiaire-melamine#breadcrumb\"},\"inLanguage\":\"fr-FR\",\"potentialAction\":[{\"@type\":\"ReadAction\",\"target\":[\"https:\/\/www.lausinyvicente.com\/fr\/mobilier-de-sport\/armoires\/armoires-vestiaire-melamine\"]}]},{\"@type\":\"ImageObject\",\"inLanguage\":\"fr-FR\",\"@id\":\"https:\/\/www.lausinyvicente.com\/fr\/mobilier-de-sport\/armoires\/armoires-vestiaire-melamine#primaryimage\",\"url\":\"https:\/\/www.lausinyvicente.com\/wp-content\/uploads\/2022\/12\/M.06.01-taquilla-melamina-bloque-individual-1-puerta.jpg\",\"contentUrl\":\"https:\/\/www.lausinyvicente.com\/wp-content\/uploads\/2022\/12\/M.06.01-taquilla-melamina-bloque-individual-1-puerta.jpg\",\"width\":720,\"height\":490},{\"@type\":\"BreadcrumbList\",\"@id\":\"https:\/\/www.lausinyvicente.com\/fr\/mobilier-de-sport\/armoires\/armoires-vestiaire-melamine#breadcrumb\",\"itemListElement\":[{\"@type\":\"ListItem\",\"position\":1,\"name\":\"Portada\",\"item\":\"https:\/\/www.lausinyvicente.com\/\"},{\"@type\":\"ListItem\",\"position\":2,\"name\":\"Boutique\",\"item\":\"https:\/\/www.lausinyvicente.com\/fr\/boutique\"},{\"@type\":\"ListItem\",\"position\":3,\"name\":\"Armoires pour vestiaire m\u00e9lamine\"}]},{\"@type\":\"WebSite\",\"@id\":\"https:\/\/www.lausinyvicente.com\/#website\",\"url\":\"https:\/\/www.lausinyvicente.com\/\",\"name\":\"Laus\u00edn y Vicente\",\"description\":\"Fabricaci\u00f3n y distribuci\u00f3n de material deportivo\",\"potentialAction\":[{\"@type\":\"SearchAction\",\"target\":{\"@type\":\"EntryPoint\",\"urlTemplate\":\"https:\/\/www.lausinyvicente.com\/?s={search_term_string}\"},\"query-input\":{\"@type\":\"PropertyValueSpecification\",\"valueRequired\":true,\"valueName\":\"search_term_string\"}}],\"inLanguage\":\"fr-FR\"}]}<\/script>\n<!-- \/ Yoast SEO plugin. -->","yoast_head_json":{"title":"Armoires pour vestiaire m\u00e9lamine - Laus\u00edn y Vicente","robots":{"index":"index","follow":"follow","max-snippet":"max-snippet:-1","max-image-preview":"max-image-preview:large","max-video-preview":"max-video-preview:-1"},"canonical":"https:\/\/www.lausinyvicente.com\/fr\/mobilier-de-sport\/armoires\/armoires-vestiaire-melamine","og_locale":"fr_FR","og_type":"article","og_title":"Armoires pour vestiaire m\u00e9lamine - Laus\u00edn y Vicente","og_description":"Armoire \u00e0 une ou deux portes fabriqu\u00e9e en m\u00e9lamine de 16 mm d\u2019\u00e9paisseur. Fond en panneau perfor\u00e9 (a\u00e9ration arri\u00e8re) et montant complet. Corps et portes chanfrein\u00e9s en PVC. Dimensions : 1,80 x 0,30 x 0,50 m. Corps blanc et portes dans la couleur demand\u00e9e. Pieds en PVC r\u00e9glables en hauteur de 10 \u00e0 15 cm inclus. Plaques de num\u00e9rotation incluses. Mod\u00e8le \u00e0 serrure standard. Veuillez consulter les autres mod\u00e8les avec diff\u00e9rentes compositions, dimensions, nombre de portes, etc.","og_url":"https:\/\/www.lausinyvicente.com\/fr\/mobilier-de-sport\/armoires\/armoires-vestiaire-melamine","og_site_name":"Laus\u00edn y Vicente","og_image":[{"width":720,"height":490,"url":"https:\/\/www.lausinyvicente.com\/wp-content\/uploads\/2022\/12\/M.06.01-taquilla-melamina-bloque-individual-1-puerta.jpg","type":"image\/jpeg"}],"twitter_card":"summary_large_image","schema":{"@context":"https:\/\/schema.org","@graph":[{"@type":"WebPage","@id":"https:\/\/www.lausinyvicente.com\/fr\/mobilier-de-sport\/armoires\/armoires-vestiaire-melamine","url":"https:\/\/www.lausinyvicente.com\/fr\/mobilier-de-sport\/armoires\/armoires-vestiaire-melamine","name":"Armoires pour vestiaire m\u00e9lamine - Laus\u00edn y Vicente","isPartOf":{"@id":"https:\/\/www.lausinyvicente.com\/#website"},"primaryImageOfPage":{"@id":"https:\/\/www.lausinyvicente.com\/fr\/mobilier-de-sport\/armoires\/armoires-vestiaire-melamine#primaryimage"},"image":{"@id":"https:\/\/www.lausinyvicente.com\/fr\/mobilier-de-sport\/armoires\/armoires-vestiaire-melamine#primaryimage"},"thumbnailUrl":"https:\/\/www.lausinyvicente.com\/wp-content\/uploads\/2022\/12\/M.06.01-taquilla-melamina-bloque-individual-1-puerta.jpg","datePublished":"2022-12-10T16:56:57+00:00","breadcrumb":{"@id":"https:\/\/www.lausinyvicente.com\/fr\/mobilier-de-sport\/armoires\/armoires-vestiaire-melamine#breadcrumb"},"inLanguage":"fr-FR","potentialAction":[{"@type":"ReadAction","target":["https:\/\/www.lausinyvicente.com\/fr\/mobilier-de-sport\/armoires\/armoires-vestiaire-melamine"]}]},{"@type":"ImageObject","inLanguage":"fr-FR","@id":"https:\/\/www.lausinyvicente.com\/fr\/mobilier-de-sport\/armoires\/armoires-vestiaire-melamine#primaryimage","url":"https:\/\/www.lausinyvicente.com\/wp-content\/uploads\/2022\/12\/M.06.01-taquilla-melamina-bloque-individual-1-puerta.jpg","contentUrl":"https:\/\/www.lausinyvicente.com\/wp-content\/uploads\/2022\/12\/M.06.01-taquilla-melamina-bloque-individual-1-puerta.jpg","width":720,"height":490},{"@type":"BreadcrumbList","@id":"https:\/\/www.lausinyvicente.com\/fr\/mobilier-de-sport\/armoires\/armoires-vestiaire-melamine#breadcrumb","itemListElement":[{"@type":"ListItem","position":1,"name":"Portada","item":"https:\/\/www.lausinyvicente.com\/"},{"@type":"ListItem","position":2,"name":"Boutique","item":"https:\/\/www.lausinyvicente.com\/fr\/boutique"},{"@type":"ListItem","position":3,"name":"Armoires pour vestiaire m\u00e9lamine"}]},{"@type":"WebSite","@id":"https:\/\/www.lausinyvicente.com\/#website","url":"https:\/\/www.lausinyvicente.com\/","name":"Laus\u00edn y Vicente","description":"Fabricaci\u00f3n y distribuci\u00f3n de material deportivo","potentialAction":[{"@type":"SearchAction","target":{"@type":"EntryPoint","urlTemplate":"https:\/\/www.lausinyvicente.com\/?s={search_term_string}"},"query-input":{"@type":"PropertyValueSpecification","valueRequired":true,"valueName":"search_term_string"}}],"inLanguage":"fr-FR"}]}},"_links":{"self":[{"href":"https:\/\/www.lausinyvicente.com\/fr\/wp-json\/wp\/v2\/product\/3205","targetHints":{"allow":["GET"]}}],"collection":[{"href":"https:\/\/www.lausinyvicente.com\/fr\/wp-json\/wp\/v2\/product"}],"about":[{"href":"https:\/\/www.lausinyvicente.com\/fr\/wp-json\/wp\/v2\/types\/product"}],"wp:featuredmedia":[{"embeddable":true,"href":"https:\/\/www.lausinyvicente.com\/fr\/wp-json\/wp\/v2\/media\/3008"}],"wp:attachment":[{"href":"https:\/\/www.lausinyvicente.com\/fr\/wp-json\/wp\/v2\/media?parent=3205"}],"wp:term":[{"taxonomy":"product_cat","embeddable":true,"href":"https:\/\/www.lausinyvicente.com\/fr\/wp-json\/wp\/v2\/product_cat?post=3205"},{"taxonomy":"product_tag","embeddable":true,"href":"https:\/\/www.lausinyvicente.com\/fr\/wp-json\/wp\/v2\/product_tag?post=3205"}],"curies":[{"name":"wp","href":"https:\/\/api.w.org\/{rel}","templated":true}]}}