{"id":3223,"date":"2022-12-10T16:46:16","date_gmt":"2022-12-10T16:46:16","guid":{"rendered":"https:\/\/www.lausinyvicente.com\/non class\u00e9\/protection-pour-coin-de-colonne\/"},"modified":"2022-12-10T16:46:16","modified_gmt":"2022-12-10T16:46:16","slug":"protection-coin-colonne","status":"publish","type":"product","link":"https:\/\/www.lausinyvicente.com\/fr\/mobilier-de-sport\/protection\/protection-coin-colonne","title":{"rendered":"Protection pour coin de colonne"},"content":{"rendered":"","protected":false},"excerpt":{"rendered":"<p>Protection pour angle fabriqu\u00e9e en toile plastifi\u00e9e enduite de PVC et garnie de mousse de poly\u00e9thyl\u00e8ne \u00e0 haute densit\u00e9 de 30 mm d\u2019\u00e9paisseur. La finition ou fermeture de la protection est r\u00e9alis\u00e9e par thermosoudage. Le syst\u00e8me de fixation est par velcro ou vis. Les protections peuvent \u00eatre fabriqu\u00e9es dans diff\u00e9rentes couleurs de base. (Bleu, vert, rouge, jaune, orange et noir). Fabrication sur mesure. Demande de devis.     <\/p>\n","protected":false},"featured_media":2998,"template":"","meta":[],"product_cat":[94,97],"product_tag":[],"class_list":{"0":"post-3223","1":"product","2":"type-product","3":"status-publish","4":"has-post-thumbnail","6":"product_cat-mobilier-de-sport","7":"product_cat-protection","9":"first","10":"instock","11":"shipping-taxable","12":"purchasable","13":"product-type-simple"},"yoast_head":"<!-- This site is optimized with the Yoast SEO plugin v27.0 - https:\/\/yoast.com\/product\/yoast-seo-wordpress\/ -->\n<title>Protection pour coin de colonne - Laus\u00edn y Vicente<\/title>\n<meta name=\"robots\" content=\"index, follow, max-snippet:-1, max-image-preview:large, max-video-preview:-1\" \/>\n<link rel=\"canonical\" href=\"https:\/\/www.lausinyvicente.com\/fr\/mobilier-de-sport\/protection\/protection-coin-colonne\" \/>\n<meta property=\"og:locale\" content=\"fr_FR\" \/>\n<meta property=\"og:type\" content=\"article\" \/>\n<meta property=\"og:title\" content=\"Protection pour coin de colonne - Laus\u00edn y Vicente\" \/>\n<meta property=\"og:description\" content=\"Protection pour angle fabriqu\u00e9e en toile plastifi\u00e9e enduite de PVC et garnie de mousse de poly\u00e9thyl\u00e8ne \u00e0 haute densit\u00e9 de 30 mm d\u2019\u00e9paisseur. La finition ou fermeture de la protection est r\u00e9alis\u00e9e par thermosoudage. Le syst\u00e8me de fixation est par velcro ou vis. Les protections peuvent \u00eatre fabriqu\u00e9es dans diff\u00e9rentes couleurs de base. (Bleu, vert, rouge, jaune, orange et noir). Fabrication sur mesure. Demande de devis.\" \/>\n<meta property=\"og:url\" content=\"https:\/\/www.lausinyvicente.com\/fr\/mobilier-de-sport\/protection\/protection-coin-colonne\" \/>\n<meta property=\"og:site_name\" content=\"Laus\u00edn y Vicente\" \/>\n<meta property=\"og:image\" content=\"https:\/\/www.lausinyvicente.com\/wp-content\/uploads\/2022\/12\/M.98.02-protector-esquina-columna.jpg\" \/>\n\t<meta property=\"og:image:width\" content=\"720\" \/>\n\t<meta property=\"og:image:height\" content=\"490\" \/>\n\t<meta property=\"og:image:type\" content=\"image\/jpeg\" \/>\n<meta name=\"twitter:card\" content=\"summary_large_image\" \/>\n<script type=\"application\/ld+json\" class=\"yoast-schema-graph\">{\"@context\":\"https:\/\/schema.org\",\"@graph\":[{\"@type\":\"WebPage\",\"@id\":\"https:\/\/www.lausinyvicente.com\/fr\/mobilier-de-sport\/protection\/protection-coin-colonne\",\"url\":\"https:\/\/www.lausinyvicente.com\/fr\/mobilier-de-sport\/protection\/protection-coin-colonne\",\"name\":\"Protection pour coin de colonne - Laus\u00edn y Vicente\",\"isPartOf\":{\"@id\":\"https:\/\/www.lausinyvicente.com\/#website\"},\"primaryImageOfPage\":{\"@id\":\"https:\/\/www.lausinyvicente.com\/fr\/mobilier-de-sport\/protection\/protection-coin-colonne#primaryimage\"},\"image\":{\"@id\":\"https:\/\/www.lausinyvicente.com\/fr\/mobilier-de-sport\/protection\/protection-coin-colonne#primaryimage\"},\"thumbnailUrl\":\"https:\/\/www.lausinyvicente.com\/wp-content\/uploads\/2022\/12\/M.98.02-protector-esquina-columna.jpg\",\"datePublished\":\"2022-12-10T16:46:16+00:00\",\"breadcrumb\":{\"@id\":\"https:\/\/www.lausinyvicente.com\/fr\/mobilier-de-sport\/protection\/protection-coin-colonne#breadcrumb\"},\"inLanguage\":\"fr-FR\",\"potentialAction\":[{\"@type\":\"ReadAction\",\"target\":[\"https:\/\/www.lausinyvicente.com\/fr\/mobilier-de-sport\/protection\/protection-coin-colonne\"]}]},{\"@type\":\"ImageObject\",\"inLanguage\":\"fr-FR\",\"@id\":\"https:\/\/www.lausinyvicente.com\/fr\/mobilier-de-sport\/protection\/protection-coin-colonne#primaryimage\",\"url\":\"https:\/\/www.lausinyvicente.com\/wp-content\/uploads\/2022\/12\/M.98.02-protector-esquina-columna.jpg\",\"contentUrl\":\"https:\/\/www.lausinyvicente.com\/wp-content\/uploads\/2022\/12\/M.98.02-protector-esquina-columna.jpg\",\"width\":720,\"height\":490},{\"@type\":\"BreadcrumbList\",\"@id\":\"https:\/\/www.lausinyvicente.com\/fr\/mobilier-de-sport\/protection\/protection-coin-colonne#breadcrumb\",\"itemListElement\":[{\"@type\":\"ListItem\",\"position\":1,\"name\":\"Portada\",\"item\":\"https:\/\/www.lausinyvicente.com\/\"},{\"@type\":\"ListItem\",\"position\":2,\"name\":\"Boutique\",\"item\":\"https:\/\/www.lausinyvicente.com\/fr\/boutique\"},{\"@type\":\"ListItem\",\"position\":3,\"name\":\"Protection pour coin de colonne\"}]},{\"@type\":\"WebSite\",\"@id\":\"https:\/\/www.lausinyvicente.com\/#website\",\"url\":\"https:\/\/www.lausinyvicente.com\/\",\"name\":\"Laus\u00edn y Vicente\",\"description\":\"Fabricaci\u00f3n y distribuci\u00f3n de material deportivo\",\"potentialAction\":[{\"@type\":\"SearchAction\",\"target\":{\"@type\":\"EntryPoint\",\"urlTemplate\":\"https:\/\/www.lausinyvicente.com\/?s={search_term_string}\"},\"query-input\":{\"@type\":\"PropertyValueSpecification\",\"valueRequired\":true,\"valueName\":\"search_term_string\"}}],\"inLanguage\":\"fr-FR\"}]}<\/script>\n<!-- \/ Yoast SEO plugin. -->","yoast_head_json":{"title":"Protection pour coin de colonne - Laus\u00edn y Vicente","robots":{"index":"index","follow":"follow","max-snippet":"max-snippet:-1","max-image-preview":"max-image-preview:large","max-video-preview":"max-video-preview:-1"},"canonical":"https:\/\/www.lausinyvicente.com\/fr\/mobilier-de-sport\/protection\/protection-coin-colonne","og_locale":"fr_FR","og_type":"article","og_title":"Protection pour coin de colonne - Laus\u00edn y Vicente","og_description":"Protection pour angle fabriqu\u00e9e en toile plastifi\u00e9e enduite de PVC et garnie de mousse de poly\u00e9thyl\u00e8ne \u00e0 haute densit\u00e9 de 30 mm d\u2019\u00e9paisseur. La finition ou fermeture de la protection est r\u00e9alis\u00e9e par thermosoudage. Le syst\u00e8me de fixation est par velcro ou vis. Les protections peuvent \u00eatre fabriqu\u00e9es dans diff\u00e9rentes couleurs de base. (Bleu, vert, rouge, jaune, orange et noir). Fabrication sur mesure. Demande de devis.","og_url":"https:\/\/www.lausinyvicente.com\/fr\/mobilier-de-sport\/protection\/protection-coin-colonne","og_site_name":"Laus\u00edn y Vicente","og_image":[{"width":720,"height":490,"url":"https:\/\/www.lausinyvicente.com\/wp-content\/uploads\/2022\/12\/M.98.02-protector-esquina-columna.jpg","type":"image\/jpeg"}],"twitter_card":"summary_large_image","schema":{"@context":"https:\/\/schema.org","@graph":[{"@type":"WebPage","@id":"https:\/\/www.lausinyvicente.com\/fr\/mobilier-de-sport\/protection\/protection-coin-colonne","url":"https:\/\/www.lausinyvicente.com\/fr\/mobilier-de-sport\/protection\/protection-coin-colonne","name":"Protection pour coin de colonne - Laus\u00edn y Vicente","isPartOf":{"@id":"https:\/\/www.lausinyvicente.com\/#website"},"primaryImageOfPage":{"@id":"https:\/\/www.lausinyvicente.com\/fr\/mobilier-de-sport\/protection\/protection-coin-colonne#primaryimage"},"image":{"@id":"https:\/\/www.lausinyvicente.com\/fr\/mobilier-de-sport\/protection\/protection-coin-colonne#primaryimage"},"thumbnailUrl":"https:\/\/www.lausinyvicente.com\/wp-content\/uploads\/2022\/12\/M.98.02-protector-esquina-columna.jpg","datePublished":"2022-12-10T16:46:16+00:00","breadcrumb":{"@id":"https:\/\/www.lausinyvicente.com\/fr\/mobilier-de-sport\/protection\/protection-coin-colonne#breadcrumb"},"inLanguage":"fr-FR","potentialAction":[{"@type":"ReadAction","target":["https:\/\/www.lausinyvicente.com\/fr\/mobilier-de-sport\/protection\/protection-coin-colonne"]}]},{"@type":"ImageObject","inLanguage":"fr-FR","@id":"https:\/\/www.lausinyvicente.com\/fr\/mobilier-de-sport\/protection\/protection-coin-colonne#primaryimage","url":"https:\/\/www.lausinyvicente.com\/wp-content\/uploads\/2022\/12\/M.98.02-protector-esquina-columna.jpg","contentUrl":"https:\/\/www.lausinyvicente.com\/wp-content\/uploads\/2022\/12\/M.98.02-protector-esquina-columna.jpg","width":720,"height":490},{"@type":"BreadcrumbList","@id":"https:\/\/www.lausinyvicente.com\/fr\/mobilier-de-sport\/protection\/protection-coin-colonne#breadcrumb","itemListElement":[{"@type":"ListItem","position":1,"name":"Portada","item":"https:\/\/www.lausinyvicente.com\/"},{"@type":"ListItem","position":2,"name":"Boutique","item":"https:\/\/www.lausinyvicente.com\/fr\/boutique"},{"@type":"ListItem","position":3,"name":"Protection pour coin de colonne"}]},{"@type":"WebSite","@id":"https:\/\/www.lausinyvicente.com\/#website","url":"https:\/\/www.lausinyvicente.com\/","name":"Laus\u00edn y Vicente","description":"Fabricaci\u00f3n y distribuci\u00f3n de material deportivo","potentialAction":[{"@type":"SearchAction","target":{"@type":"EntryPoint","urlTemplate":"https:\/\/www.lausinyvicente.com\/?s={search_term_string}"},"query-input":{"@type":"PropertyValueSpecification","valueRequired":true,"valueName":"search_term_string"}}],"inLanguage":"fr-FR"}]}},"_links":{"self":[{"href":"https:\/\/www.lausinyvicente.com\/fr\/wp-json\/wp\/v2\/product\/3223","targetHints":{"allow":["GET"]}}],"collection":[{"href":"https:\/\/www.lausinyvicente.com\/fr\/wp-json\/wp\/v2\/product"}],"about":[{"href":"https:\/\/www.lausinyvicente.com\/fr\/wp-json\/wp\/v2\/types\/product"}],"wp:featuredmedia":[{"embeddable":true,"href":"https:\/\/www.lausinyvicente.com\/fr\/wp-json\/wp\/v2\/media\/2998"}],"wp:attachment":[{"href":"https:\/\/www.lausinyvicente.com\/fr\/wp-json\/wp\/v2\/media?parent=3223"}],"wp:term":[{"taxonomy":"product_cat","embeddable":true,"href":"https:\/\/www.lausinyvicente.com\/fr\/wp-json\/wp\/v2\/product_cat?post=3223"},{"taxonomy":"product_tag","embeddable":true,"href":"https:\/\/www.lausinyvicente.com\/fr\/wp-json\/wp\/v2\/product_tag?post=3223"}],"curies":[{"name":"wp","href":"https:\/\/api.w.org\/{rel}","templated":true}]}}