{"id":3235,"date":"2022-12-10T16:40:47","date_gmt":"2022-12-10T16:40:47","guid":{"rendered":"https:\/\/www.lausinyvicente.com\/non class\u00e9\/protection-murale-horizontale\/"},"modified":"2022-12-10T16:40:47","modified_gmt":"2022-12-10T16:40:47","slug":"protection-murale-horizontale","status":"publish","type":"product","link":"https:\/\/www.lausinyvicente.com\/fr\/mobilier-de-sport\/protection\/protection-murale-horizontale","title":{"rendered":"Protection murale horizontale"},"content":{"rendered":"","protected":false},"excerpt":{"rendered":"<p>Protection murale en toile plastifi\u00e9e enduite de PVC et garnie de mousse de polyur\u00e9thane de diff\u00e9rentes densit\u00e9s en fonction des besoins de protection. La base ou le support de la protection peut \u00eatre en bois ou directement coll\u00e9e au mur ou sur la paroi \u00e0 prot\u00e9ger. Le syst\u00e8me de fixation d\u00e9pendra du support choisi, au moyen de velcro, adh\u00e9sif ou vis. Les protections peuvent \u00eatre fabriqu\u00e9es dans diff\u00e9rentes couleurs de base. (Bleu, vert, rouge, jaune, orange et noir). Fabrication sur mesure. Demande de devis.      <\/p>\n","protected":false},"featured_media":2992,"template":"","meta":[],"product_cat":[94,97],"product_tag":[],"class_list":{"0":"post-3235","1":"product","2":"type-product","3":"status-publish","4":"has-post-thumbnail","6":"product_cat-mobilier-de-sport","7":"product_cat-protection","9":"first","10":"instock","11":"shipping-taxable","12":"purchasable","13":"product-type-simple"},"yoast_head":"<!-- This site is optimized with the Yoast SEO plugin v27.0 - https:\/\/yoast.com\/product\/yoast-seo-wordpress\/ -->\n<title>Protection murale horizontale - Laus\u00edn y Vicente<\/title>\n<meta name=\"robots\" content=\"index, follow, max-snippet:-1, max-image-preview:large, max-video-preview:-1\" \/>\n<link rel=\"canonical\" href=\"https:\/\/www.lausinyvicente.com\/fr\/mobilier-de-sport\/protection\/protection-murale-horizontale\" \/>\n<meta property=\"og:locale\" content=\"fr_FR\" \/>\n<meta property=\"og:type\" content=\"article\" \/>\n<meta property=\"og:title\" content=\"Protection murale horizontale - Laus\u00edn y Vicente\" \/>\n<meta property=\"og:description\" content=\"Protection murale en toile plastifi\u00e9e enduite de PVC et garnie de mousse de polyur\u00e9thane de diff\u00e9rentes densit\u00e9s en fonction des besoins de protection. La base ou le support de la protection peut \u00eatre en bois ou directement coll\u00e9e au mur ou sur la paroi \u00e0 prot\u00e9ger. Le syst\u00e8me de fixation d\u00e9pendra du support choisi, au moyen de velcro, adh\u00e9sif ou vis. Les protections peuvent \u00eatre fabriqu\u00e9es dans diff\u00e9rentes couleurs de base. (Bleu, vert, rouge, jaune, orange et noir). Fabrication sur mesure. Demande de devis.\" \/>\n<meta property=\"og:url\" content=\"https:\/\/www.lausinyvicente.com\/fr\/mobilier-de-sport\/protection\/protection-murale-horizontale\" \/>\n<meta property=\"og:site_name\" content=\"Laus\u00edn y Vicente\" \/>\n<meta property=\"og:image\" content=\"https:\/\/www.lausinyvicente.com\/wp-content\/uploads\/2022\/12\/M.98.00-protector-pared.jpg\" \/>\n\t<meta property=\"og:image:width\" content=\"720\" \/>\n\t<meta property=\"og:image:height\" content=\"490\" \/>\n\t<meta property=\"og:image:type\" content=\"image\/jpeg\" \/>\n<meta name=\"twitter:card\" content=\"summary_large_image\" \/>\n<script type=\"application\/ld+json\" class=\"yoast-schema-graph\">{\"@context\":\"https:\/\/schema.org\",\"@graph\":[{\"@type\":\"WebPage\",\"@id\":\"https:\/\/www.lausinyvicente.com\/fr\/mobilier-de-sport\/protection\/protection-murale-horizontale\",\"url\":\"https:\/\/www.lausinyvicente.com\/fr\/mobilier-de-sport\/protection\/protection-murale-horizontale\",\"name\":\"Protection murale horizontale - Laus\u00edn y Vicente\",\"isPartOf\":{\"@id\":\"https:\/\/www.lausinyvicente.com\/#website\"},\"primaryImageOfPage\":{\"@id\":\"https:\/\/www.lausinyvicente.com\/fr\/mobilier-de-sport\/protection\/protection-murale-horizontale#primaryimage\"},\"image\":{\"@id\":\"https:\/\/www.lausinyvicente.com\/fr\/mobilier-de-sport\/protection\/protection-murale-horizontale#primaryimage\"},\"thumbnailUrl\":\"https:\/\/www.lausinyvicente.com\/wp-content\/uploads\/2022\/12\/M.98.00-protector-pared.jpg\",\"datePublished\":\"2022-12-10T16:40:47+00:00\",\"breadcrumb\":{\"@id\":\"https:\/\/www.lausinyvicente.com\/fr\/mobilier-de-sport\/protection\/protection-murale-horizontale#breadcrumb\"},\"inLanguage\":\"fr-FR\",\"potentialAction\":[{\"@type\":\"ReadAction\",\"target\":[\"https:\/\/www.lausinyvicente.com\/fr\/mobilier-de-sport\/protection\/protection-murale-horizontale\"]}]},{\"@type\":\"ImageObject\",\"inLanguage\":\"fr-FR\",\"@id\":\"https:\/\/www.lausinyvicente.com\/fr\/mobilier-de-sport\/protection\/protection-murale-horizontale#primaryimage\",\"url\":\"https:\/\/www.lausinyvicente.com\/wp-content\/uploads\/2022\/12\/M.98.00-protector-pared.jpg\",\"contentUrl\":\"https:\/\/www.lausinyvicente.com\/wp-content\/uploads\/2022\/12\/M.98.00-protector-pared.jpg\",\"width\":720,\"height\":490},{\"@type\":\"BreadcrumbList\",\"@id\":\"https:\/\/www.lausinyvicente.com\/fr\/mobilier-de-sport\/protection\/protection-murale-horizontale#breadcrumb\",\"itemListElement\":[{\"@type\":\"ListItem\",\"position\":1,\"name\":\"Portada\",\"item\":\"https:\/\/www.lausinyvicente.com\/\"},{\"@type\":\"ListItem\",\"position\":2,\"name\":\"Boutique\",\"item\":\"https:\/\/www.lausinyvicente.com\/fr\/boutique\"},{\"@type\":\"ListItem\",\"position\":3,\"name\":\"Protection murale horizontale\"}]},{\"@type\":\"WebSite\",\"@id\":\"https:\/\/www.lausinyvicente.com\/#website\",\"url\":\"https:\/\/www.lausinyvicente.com\/\",\"name\":\"Laus\u00edn y Vicente\",\"description\":\"Fabricaci\u00f3n y distribuci\u00f3n de material deportivo\",\"potentialAction\":[{\"@type\":\"SearchAction\",\"target\":{\"@type\":\"EntryPoint\",\"urlTemplate\":\"https:\/\/www.lausinyvicente.com\/?s={search_term_string}\"},\"query-input\":{\"@type\":\"PropertyValueSpecification\",\"valueRequired\":true,\"valueName\":\"search_term_string\"}}],\"inLanguage\":\"fr-FR\"}]}<\/script>\n<!-- \/ Yoast SEO plugin. -->","yoast_head_json":{"title":"Protection murale horizontale - Laus\u00edn y Vicente","robots":{"index":"index","follow":"follow","max-snippet":"max-snippet:-1","max-image-preview":"max-image-preview:large","max-video-preview":"max-video-preview:-1"},"canonical":"https:\/\/www.lausinyvicente.com\/fr\/mobilier-de-sport\/protection\/protection-murale-horizontale","og_locale":"fr_FR","og_type":"article","og_title":"Protection murale horizontale - Laus\u00edn y Vicente","og_description":"Protection murale en toile plastifi\u00e9e enduite de PVC et garnie de mousse de polyur\u00e9thane de diff\u00e9rentes densit\u00e9s en fonction des besoins de protection. La base ou le support de la protection peut \u00eatre en bois ou directement coll\u00e9e au mur ou sur la paroi \u00e0 prot\u00e9ger. Le syst\u00e8me de fixation d\u00e9pendra du support choisi, au moyen de velcro, adh\u00e9sif ou vis. Les protections peuvent \u00eatre fabriqu\u00e9es dans diff\u00e9rentes couleurs de base. (Bleu, vert, rouge, jaune, orange et noir). Fabrication sur mesure. Demande de devis.","og_url":"https:\/\/www.lausinyvicente.com\/fr\/mobilier-de-sport\/protection\/protection-murale-horizontale","og_site_name":"Laus\u00edn y Vicente","og_image":[{"width":720,"height":490,"url":"https:\/\/www.lausinyvicente.com\/wp-content\/uploads\/2022\/12\/M.98.00-protector-pared.jpg","type":"image\/jpeg"}],"twitter_card":"summary_large_image","schema":{"@context":"https:\/\/schema.org","@graph":[{"@type":"WebPage","@id":"https:\/\/www.lausinyvicente.com\/fr\/mobilier-de-sport\/protection\/protection-murale-horizontale","url":"https:\/\/www.lausinyvicente.com\/fr\/mobilier-de-sport\/protection\/protection-murale-horizontale","name":"Protection murale horizontale - Laus\u00edn y Vicente","isPartOf":{"@id":"https:\/\/www.lausinyvicente.com\/#website"},"primaryImageOfPage":{"@id":"https:\/\/www.lausinyvicente.com\/fr\/mobilier-de-sport\/protection\/protection-murale-horizontale#primaryimage"},"image":{"@id":"https:\/\/www.lausinyvicente.com\/fr\/mobilier-de-sport\/protection\/protection-murale-horizontale#primaryimage"},"thumbnailUrl":"https:\/\/www.lausinyvicente.com\/wp-content\/uploads\/2022\/12\/M.98.00-protector-pared.jpg","datePublished":"2022-12-10T16:40:47+00:00","breadcrumb":{"@id":"https:\/\/www.lausinyvicente.com\/fr\/mobilier-de-sport\/protection\/protection-murale-horizontale#breadcrumb"},"inLanguage":"fr-FR","potentialAction":[{"@type":"ReadAction","target":["https:\/\/www.lausinyvicente.com\/fr\/mobilier-de-sport\/protection\/protection-murale-horizontale"]}]},{"@type":"ImageObject","inLanguage":"fr-FR","@id":"https:\/\/www.lausinyvicente.com\/fr\/mobilier-de-sport\/protection\/protection-murale-horizontale#primaryimage","url":"https:\/\/www.lausinyvicente.com\/wp-content\/uploads\/2022\/12\/M.98.00-protector-pared.jpg","contentUrl":"https:\/\/www.lausinyvicente.com\/wp-content\/uploads\/2022\/12\/M.98.00-protector-pared.jpg","width":720,"height":490},{"@type":"BreadcrumbList","@id":"https:\/\/www.lausinyvicente.com\/fr\/mobilier-de-sport\/protection\/protection-murale-horizontale#breadcrumb","itemListElement":[{"@type":"ListItem","position":1,"name":"Portada","item":"https:\/\/www.lausinyvicente.com\/"},{"@type":"ListItem","position":2,"name":"Boutique","item":"https:\/\/www.lausinyvicente.com\/fr\/boutique"},{"@type":"ListItem","position":3,"name":"Protection murale horizontale"}]},{"@type":"WebSite","@id":"https:\/\/www.lausinyvicente.com\/#website","url":"https:\/\/www.lausinyvicente.com\/","name":"Laus\u00edn y Vicente","description":"Fabricaci\u00f3n y distribuci\u00f3n de material deportivo","potentialAction":[{"@type":"SearchAction","target":{"@type":"EntryPoint","urlTemplate":"https:\/\/www.lausinyvicente.com\/?s={search_term_string}"},"query-input":{"@type":"PropertyValueSpecification","valueRequired":true,"valueName":"search_term_string"}}],"inLanguage":"fr-FR"}]}},"_links":{"self":[{"href":"https:\/\/www.lausinyvicente.com\/fr\/wp-json\/wp\/v2\/product\/3235","targetHints":{"allow":["GET"]}}],"collection":[{"href":"https:\/\/www.lausinyvicente.com\/fr\/wp-json\/wp\/v2\/product"}],"about":[{"href":"https:\/\/www.lausinyvicente.com\/fr\/wp-json\/wp\/v2\/types\/product"}],"wp:featuredmedia":[{"embeddable":true,"href":"https:\/\/www.lausinyvicente.com\/fr\/wp-json\/wp\/v2\/media\/2992"}],"wp:attachment":[{"href":"https:\/\/www.lausinyvicente.com\/fr\/wp-json\/wp\/v2\/media?parent=3235"}],"wp:term":[{"taxonomy":"product_cat","embeddable":true,"href":"https:\/\/www.lausinyvicente.com\/fr\/wp-json\/wp\/v2\/product_cat?post=3235"},{"taxonomy":"product_tag","embeddable":true,"href":"https:\/\/www.lausinyvicente.com\/fr\/wp-json\/wp\/v2\/product_tag?post=3235"}],"curies":[{"name":"wp","href":"https:\/\/api.w.org\/{rel}","templated":true}]}}