{"id":3330,"date":"2022-12-10T16:01:10","date_gmt":"2022-12-10T16:01:10","guid":{"rendered":"https:\/\/www.lausinyvicente.com\/non class\u00e9\/gradins-rabattables-modele-economic\/"},"modified":"2022-12-10T16:01:10","modified_gmt":"2022-12-10T16:01:10","slug":"gradins-rabattables-modele-economic","status":"publish","type":"product","link":"https:\/\/www.lausinyvicente.com\/fr\/mobilier-de-sport\/gradins\/gradins-rabattables-modele-economic","title":{"rendered":"Gradins rabattables mod\u00e8le \u201ceconomic\u201d"},"content":{"rendered":"","protected":false},"excerpt":{"rendered":"<p>Gradins m\u00e9talliques rabattables, roues pivotantes arri\u00e8re pour d\u00e9placer l\u2019ensemble. Compos\u00e9s de structures lat\u00e9rales en profil\u00e9 en acier structurel de 40 x 40 x 2 mm soud\u00e9, renforc\u00e9es longitudinalement par des profil\u00e9s en acier de la m\u00eame section. Le rev\u00eatement est r\u00e9alis\u00e9e avec de la peinture en poudre polym\u00e9ris\u00e9e au four \u00e0 250\u00ba. Les si\u00e8ges, les dossiers et les couloirs sont en bois de pin jaune de premi\u00e8re qualit\u00e9, avec les chants arrondis et vernis pour un meilleur entretien. Le dossier de la derni\u00e8re rang\u00e9e peut \u00eatre repli\u00e9 au moyen d\u2019une poign\u00e9e et les extr\u00e9mit\u00e9s du patin sont \u00e9quip\u00e9es de roues pour faciliter l\u2019utilisation. Les modules individuels sont dispos\u00e9s selon diff\u00e9rentes dimensions jusqu\u2019\u00e0 4 m de longueur et trois ou quatre rang\u00e9es de si\u00e8ges, \u00e9tant regroup\u00e9s pour obtenir la longueur souhait\u00e9e.     <\/p>\n","protected":false},"featured_media":2956,"template":"","meta":[],"product_cat":[103,94],"product_tag":[],"class_list":{"0":"post-3330","1":"product","2":"type-product","3":"status-publish","4":"has-post-thumbnail","6":"product_cat-gradins","7":"product_cat-mobilier-de-sport","9":"first","10":"instock","11":"shipping-taxable","12":"purchasable","13":"product-type-variable"},"yoast_head":"<!-- This site is optimized with the Yoast SEO plugin v27.0 - https:\/\/yoast.com\/product\/yoast-seo-wordpress\/ -->\n<title>Gradins rabattables mod\u00e8le \u201ceconomic\u201d - Laus\u00edn y Vicente<\/title>\n<meta name=\"robots\" content=\"index, follow, max-snippet:-1, max-image-preview:large, max-video-preview:-1\" \/>\n<link rel=\"canonical\" href=\"https:\/\/www.lausinyvicente.com\/fr\/mobilier-de-sport\/gradins\/gradins-rabattables-modele-economic\" \/>\n<meta property=\"og:locale\" content=\"fr_FR\" \/>\n<meta property=\"og:type\" content=\"article\" \/>\n<meta property=\"og:title\" content=\"Gradins rabattables mod\u00e8le \u201ceconomic\u201d - Laus\u00edn y Vicente\" \/>\n<meta property=\"og:description\" content=\"Gradins m\u00e9talliques rabattables, roues pivotantes arri\u00e8re pour d\u00e9placer l\u2019ensemble. Compos\u00e9s de structures lat\u00e9rales en profil\u00e9 en acier structurel de 40 x 40 x 2 mm soud\u00e9, renforc\u00e9es longitudinalement par des profil\u00e9s en acier de la m\u00eame section. Le rev\u00eatement est r\u00e9alis\u00e9e avec de la peinture en poudre polym\u00e9ris\u00e9e au four \u00e0 250\u00ba. Les si\u00e8ges, les dossiers et les couloirs sont en bois de pin jaune de premi\u00e8re qualit\u00e9, avec les chants arrondis et vernis pour un meilleur entretien. Le dossier de la derni\u00e8re rang\u00e9e peut \u00eatre repli\u00e9 au moyen d\u2019une poign\u00e9e et les extr\u00e9mit\u00e9s du patin sont \u00e9quip\u00e9es de roues pour faciliter l\u2019utilisation. Les modules individuels sont dispos\u00e9s selon diff\u00e9rentes dimensions jusqu\u2019\u00e0 4 m de longueur et trois ou quatre rang\u00e9es de si\u00e8ges, \u00e9tant regroup\u00e9s pour obtenir la longueur souhait\u00e9e.\" \/>\n<meta property=\"og:url\" content=\"https:\/\/www.lausinyvicente.com\/fr\/mobilier-de-sport\/gradins\/gradins-rabattables-modele-economic\" \/>\n<meta property=\"og:site_name\" content=\"Laus\u00edn y Vicente\" \/>\n<meta property=\"og:image\" content=\"https:\/\/www.lausinyvicente.com\/wp-content\/uploads\/2022\/12\/M.01.21-graderio-abatible-modelo-economic.jpg\" \/>\n\t<meta property=\"og:image:width\" content=\"720\" \/>\n\t<meta property=\"og:image:height\" content=\"490\" \/>\n\t<meta property=\"og:image:type\" content=\"image\/jpeg\" \/>\n<meta name=\"twitter:card\" content=\"summary_large_image\" \/>\n<script type=\"application\/ld+json\" class=\"yoast-schema-graph\">{\"@context\":\"https:\/\/schema.org\",\"@graph\":[{\"@type\":\"WebPage\",\"@id\":\"https:\/\/www.lausinyvicente.com\/fr\/mobilier-de-sport\/gradins\/gradins-rabattables-modele-economic\",\"url\":\"https:\/\/www.lausinyvicente.com\/fr\/mobilier-de-sport\/gradins\/gradins-rabattables-modele-economic\",\"name\":\"Gradins rabattables mod\u00e8le \u201ceconomic\u201d - Laus\u00edn y Vicente\",\"isPartOf\":{\"@id\":\"https:\/\/www.lausinyvicente.com\/#website\"},\"primaryImageOfPage\":{\"@id\":\"https:\/\/www.lausinyvicente.com\/fr\/mobilier-de-sport\/gradins\/gradins-rabattables-modele-economic#primaryimage\"},\"image\":{\"@id\":\"https:\/\/www.lausinyvicente.com\/fr\/mobilier-de-sport\/gradins\/gradins-rabattables-modele-economic#primaryimage\"},\"thumbnailUrl\":\"https:\/\/www.lausinyvicente.com\/wp-content\/uploads\/2022\/12\/M.01.21-graderio-abatible-modelo-economic.jpg\",\"datePublished\":\"2022-12-10T16:01:10+00:00\",\"breadcrumb\":{\"@id\":\"https:\/\/www.lausinyvicente.com\/fr\/mobilier-de-sport\/gradins\/gradins-rabattables-modele-economic#breadcrumb\"},\"inLanguage\":\"fr-FR\",\"potentialAction\":[{\"@type\":\"ReadAction\",\"target\":[\"https:\/\/www.lausinyvicente.com\/fr\/mobilier-de-sport\/gradins\/gradins-rabattables-modele-economic\"]}]},{\"@type\":\"ImageObject\",\"inLanguage\":\"fr-FR\",\"@id\":\"https:\/\/www.lausinyvicente.com\/fr\/mobilier-de-sport\/gradins\/gradins-rabattables-modele-economic#primaryimage\",\"url\":\"https:\/\/www.lausinyvicente.com\/wp-content\/uploads\/2022\/12\/M.01.21-graderio-abatible-modelo-economic.jpg\",\"contentUrl\":\"https:\/\/www.lausinyvicente.com\/wp-content\/uploads\/2022\/12\/M.01.21-graderio-abatible-modelo-economic.jpg\",\"width\":720,\"height\":490},{\"@type\":\"BreadcrumbList\",\"@id\":\"https:\/\/www.lausinyvicente.com\/fr\/mobilier-de-sport\/gradins\/gradins-rabattables-modele-economic#breadcrumb\",\"itemListElement\":[{\"@type\":\"ListItem\",\"position\":1,\"name\":\"Portada\",\"item\":\"https:\/\/www.lausinyvicente.com\/\"},{\"@type\":\"ListItem\",\"position\":2,\"name\":\"Boutique\",\"item\":\"https:\/\/www.lausinyvicente.com\/fr\/boutique\"},{\"@type\":\"ListItem\",\"position\":3,\"name\":\"Gradins rabattables mod\u00e8le \u201ceconomic\u201d\"}]},{\"@type\":\"WebSite\",\"@id\":\"https:\/\/www.lausinyvicente.com\/#website\",\"url\":\"https:\/\/www.lausinyvicente.com\/\",\"name\":\"Laus\u00edn y Vicente\",\"description\":\"Fabricaci\u00f3n y distribuci\u00f3n de material deportivo\",\"potentialAction\":[{\"@type\":\"SearchAction\",\"target\":{\"@type\":\"EntryPoint\",\"urlTemplate\":\"https:\/\/www.lausinyvicente.com\/?s={search_term_string}\"},\"query-input\":{\"@type\":\"PropertyValueSpecification\",\"valueRequired\":true,\"valueName\":\"search_term_string\"}}],\"inLanguage\":\"fr-FR\"}]}<\/script>\n<!-- \/ Yoast SEO plugin. -->","yoast_head_json":{"title":"Gradins rabattables mod\u00e8le \u201ceconomic\u201d - Laus\u00edn y Vicente","robots":{"index":"index","follow":"follow","max-snippet":"max-snippet:-1","max-image-preview":"max-image-preview:large","max-video-preview":"max-video-preview:-1"},"canonical":"https:\/\/www.lausinyvicente.com\/fr\/mobilier-de-sport\/gradins\/gradins-rabattables-modele-economic","og_locale":"fr_FR","og_type":"article","og_title":"Gradins rabattables mod\u00e8le \u201ceconomic\u201d - Laus\u00edn y Vicente","og_description":"Gradins m\u00e9talliques rabattables, roues pivotantes arri\u00e8re pour d\u00e9placer l\u2019ensemble. Compos\u00e9s de structures lat\u00e9rales en profil\u00e9 en acier structurel de 40 x 40 x 2 mm soud\u00e9, renforc\u00e9es longitudinalement par des profil\u00e9s en acier de la m\u00eame section. Le rev\u00eatement est r\u00e9alis\u00e9e avec de la peinture en poudre polym\u00e9ris\u00e9e au four \u00e0 250\u00ba. Les si\u00e8ges, les dossiers et les couloirs sont en bois de pin jaune de premi\u00e8re qualit\u00e9, avec les chants arrondis et vernis pour un meilleur entretien. Le dossier de la derni\u00e8re rang\u00e9e peut \u00eatre repli\u00e9 au moyen d\u2019une poign\u00e9e et les extr\u00e9mit\u00e9s du patin sont \u00e9quip\u00e9es de roues pour faciliter l\u2019utilisation. Les modules individuels sont dispos\u00e9s selon diff\u00e9rentes dimensions jusqu\u2019\u00e0 4 m de longueur et trois ou quatre rang\u00e9es de si\u00e8ges, \u00e9tant regroup\u00e9s pour obtenir la longueur souhait\u00e9e.","og_url":"https:\/\/www.lausinyvicente.com\/fr\/mobilier-de-sport\/gradins\/gradins-rabattables-modele-economic","og_site_name":"Laus\u00edn y Vicente","og_image":[{"width":720,"height":490,"url":"https:\/\/www.lausinyvicente.com\/wp-content\/uploads\/2022\/12\/M.01.21-graderio-abatible-modelo-economic.jpg","type":"image\/jpeg"}],"twitter_card":"summary_large_image","schema":{"@context":"https:\/\/schema.org","@graph":[{"@type":"WebPage","@id":"https:\/\/www.lausinyvicente.com\/fr\/mobilier-de-sport\/gradins\/gradins-rabattables-modele-economic","url":"https:\/\/www.lausinyvicente.com\/fr\/mobilier-de-sport\/gradins\/gradins-rabattables-modele-economic","name":"Gradins rabattables mod\u00e8le \u201ceconomic\u201d - Laus\u00edn y Vicente","isPartOf":{"@id":"https:\/\/www.lausinyvicente.com\/#website"},"primaryImageOfPage":{"@id":"https:\/\/www.lausinyvicente.com\/fr\/mobilier-de-sport\/gradins\/gradins-rabattables-modele-economic#primaryimage"},"image":{"@id":"https:\/\/www.lausinyvicente.com\/fr\/mobilier-de-sport\/gradins\/gradins-rabattables-modele-economic#primaryimage"},"thumbnailUrl":"https:\/\/www.lausinyvicente.com\/wp-content\/uploads\/2022\/12\/M.01.21-graderio-abatible-modelo-economic.jpg","datePublished":"2022-12-10T16:01:10+00:00","breadcrumb":{"@id":"https:\/\/www.lausinyvicente.com\/fr\/mobilier-de-sport\/gradins\/gradins-rabattables-modele-economic#breadcrumb"},"inLanguage":"fr-FR","potentialAction":[{"@type":"ReadAction","target":["https:\/\/www.lausinyvicente.com\/fr\/mobilier-de-sport\/gradins\/gradins-rabattables-modele-economic"]}]},{"@type":"ImageObject","inLanguage":"fr-FR","@id":"https:\/\/www.lausinyvicente.com\/fr\/mobilier-de-sport\/gradins\/gradins-rabattables-modele-economic#primaryimage","url":"https:\/\/www.lausinyvicente.com\/wp-content\/uploads\/2022\/12\/M.01.21-graderio-abatible-modelo-economic.jpg","contentUrl":"https:\/\/www.lausinyvicente.com\/wp-content\/uploads\/2022\/12\/M.01.21-graderio-abatible-modelo-economic.jpg","width":720,"height":490},{"@type":"BreadcrumbList","@id":"https:\/\/www.lausinyvicente.com\/fr\/mobilier-de-sport\/gradins\/gradins-rabattables-modele-economic#breadcrumb","itemListElement":[{"@type":"ListItem","position":1,"name":"Portada","item":"https:\/\/www.lausinyvicente.com\/"},{"@type":"ListItem","position":2,"name":"Boutique","item":"https:\/\/www.lausinyvicente.com\/fr\/boutique"},{"@type":"ListItem","position":3,"name":"Gradins rabattables mod\u00e8le \u201ceconomic\u201d"}]},{"@type":"WebSite","@id":"https:\/\/www.lausinyvicente.com\/#website","url":"https:\/\/www.lausinyvicente.com\/","name":"Laus\u00edn y Vicente","description":"Fabricaci\u00f3n y distribuci\u00f3n de material deportivo","potentialAction":[{"@type":"SearchAction","target":{"@type":"EntryPoint","urlTemplate":"https:\/\/www.lausinyvicente.com\/?s={search_term_string}"},"query-input":{"@type":"PropertyValueSpecification","valueRequired":true,"valueName":"search_term_string"}}],"inLanguage":"fr-FR"}]}},"_links":{"self":[{"href":"https:\/\/www.lausinyvicente.com\/fr\/wp-json\/wp\/v2\/product\/3330","targetHints":{"allow":["GET"]}}],"collection":[{"href":"https:\/\/www.lausinyvicente.com\/fr\/wp-json\/wp\/v2\/product"}],"about":[{"href":"https:\/\/www.lausinyvicente.com\/fr\/wp-json\/wp\/v2\/types\/product"}],"wp:featuredmedia":[{"embeddable":true,"href":"https:\/\/www.lausinyvicente.com\/fr\/wp-json\/wp\/v2\/media\/2956"}],"wp:attachment":[{"href":"https:\/\/www.lausinyvicente.com\/fr\/wp-json\/wp\/v2\/media?parent=3330"}],"wp:term":[{"taxonomy":"product_cat","embeddable":true,"href":"https:\/\/www.lausinyvicente.com\/fr\/wp-json\/wp\/v2\/product_cat?post=3330"},{"taxonomy":"product_tag","embeddable":true,"href":"https:\/\/www.lausinyvicente.com\/fr\/wp-json\/wp\/v2\/product_tag?post=3330"}],"curies":[{"name":"wp","href":"https:\/\/api.w.org\/{rel}","templated":true}]}}