{"id":4974,"date":"2022-11-28T16:06:13","date_gmt":"2022-11-28T16:06:13","guid":{"rendered":"https:\/\/www.lausinyvicente.com\/non class\u00e9\/ratelier-pour-javelots-de-lancement\/"},"modified":"2022-11-28T16:06:13","modified_gmt":"2022-11-28T16:06:13","slug":"ratelier-javelots","status":"publish","type":"product","link":"https:\/\/www.lausinyvicente.com\/fr\/equipement-athletisme\/javelots\/ratelier-javelots","title":{"rendered":"R\u00e2telier pour javelots de lancement"},"content":{"rendered":"","protected":false},"excerpt":{"rendered":"<p>Fabriqu\u00e9 avec profil\u00e9 \u00e0 froid section carr\u00e9e 30x30x2 mm et angulaire section de 30x30x3 mm. Le support est compos\u00e9 de deux montants verticaux et de deux niveaux diff\u00e9rents qui permettent de stocker les javelots verticalement. Peint en blanc avec de la peinture \u00e9poxy et s\u00e9ch\u00e9 au four. Contreplaqu\u00e9 en pin verni.   <\/p>\n","protected":false},"featured_media":2408,"template":"","meta":[],"product_cat":[166,167],"product_tag":[],"class_list":{"0":"post-4974","1":"product","2":"type-product","3":"status-publish","4":"has-post-thumbnail","6":"product_cat-equipement-athletisme","7":"product_cat-javelots","9":"first","10":"instock","11":"shipping-taxable","12":"purchasable","13":"product-type-variable"},"yoast_head":"<!-- This site is optimized with the Yoast SEO plugin v27.0 - https:\/\/yoast.com\/product\/yoast-seo-wordpress\/ -->\n<title>R\u00e2telier pour javelots de lancement - Laus\u00edn y Vicente<\/title>\n<meta name=\"robots\" content=\"index, follow, max-snippet:-1, max-image-preview:large, max-video-preview:-1\" \/>\n<link rel=\"canonical\" href=\"https:\/\/www.lausinyvicente.com\/fr\/equipement-athletisme\/javelots\/ratelier-javelots\" \/>\n<meta property=\"og:locale\" content=\"fr_FR\" \/>\n<meta property=\"og:type\" content=\"article\" \/>\n<meta property=\"og:title\" content=\"R\u00e2telier pour javelots de lancement - Laus\u00edn y Vicente\" \/>\n<meta property=\"og:description\" content=\"Fabriqu\u00e9 avec profil\u00e9 \u00e0 froid section carr\u00e9e 30x30x2 mm et angulaire section de 30x30x3 mm. Le support est compos\u00e9 de deux montants verticaux et de deux niveaux diff\u00e9rents qui permettent de stocker les javelots verticalement. Peint en blanc avec de la peinture \u00e9poxy et s\u00e9ch\u00e9 au four. Contreplaqu\u00e9 en pin verni.\" \/>\n<meta property=\"og:url\" content=\"https:\/\/www.lausinyvicente.com\/fr\/equipement-athletisme\/javelots\/ratelier-javelots\" \/>\n<meta property=\"og:site_name\" content=\"Laus\u00edn y Vicente\" \/>\n<meta property=\"og:image\" content=\"https:\/\/www.lausinyvicente.com\/wp-content\/uploads\/2022\/11\/A.10.60-soporte-jabalinas-lanzamiento.jpg\" \/>\n\t<meta property=\"og:image:width\" content=\"720\" \/>\n\t<meta property=\"og:image:height\" content=\"490\" \/>\n\t<meta property=\"og:image:type\" content=\"image\/jpeg\" \/>\n<meta name=\"twitter:card\" content=\"summary_large_image\" \/>\n<script type=\"application\/ld+json\" class=\"yoast-schema-graph\">{\"@context\":\"https:\/\/schema.org\",\"@graph\":[{\"@type\":\"WebPage\",\"@id\":\"https:\/\/www.lausinyvicente.com\/fr\/equipement-athletisme\/javelots\/ratelier-javelots\",\"url\":\"https:\/\/www.lausinyvicente.com\/fr\/equipement-athletisme\/javelots\/ratelier-javelots\",\"name\":\"R\u00e2telier pour javelots de lancement - Laus\u00edn y Vicente\",\"isPartOf\":{\"@id\":\"https:\/\/www.lausinyvicente.com\/#website\"},\"primaryImageOfPage\":{\"@id\":\"https:\/\/www.lausinyvicente.com\/fr\/equipement-athletisme\/javelots\/ratelier-javelots#primaryimage\"},\"image\":{\"@id\":\"https:\/\/www.lausinyvicente.com\/fr\/equipement-athletisme\/javelots\/ratelier-javelots#primaryimage\"},\"thumbnailUrl\":\"https:\/\/www.lausinyvicente.com\/wp-content\/uploads\/2022\/11\/A.10.60-soporte-jabalinas-lanzamiento.jpg\",\"datePublished\":\"2022-11-28T16:06:13+00:00\",\"breadcrumb\":{\"@id\":\"https:\/\/www.lausinyvicente.com\/fr\/equipement-athletisme\/javelots\/ratelier-javelots#breadcrumb\"},\"inLanguage\":\"fr-FR\",\"potentialAction\":[{\"@type\":\"ReadAction\",\"target\":[\"https:\/\/www.lausinyvicente.com\/fr\/equipement-athletisme\/javelots\/ratelier-javelots\"]}]},{\"@type\":\"ImageObject\",\"inLanguage\":\"fr-FR\",\"@id\":\"https:\/\/www.lausinyvicente.com\/fr\/equipement-athletisme\/javelots\/ratelier-javelots#primaryimage\",\"url\":\"https:\/\/www.lausinyvicente.com\/wp-content\/uploads\/2022\/11\/A.10.60-soporte-jabalinas-lanzamiento.jpg\",\"contentUrl\":\"https:\/\/www.lausinyvicente.com\/wp-content\/uploads\/2022\/11\/A.10.60-soporte-jabalinas-lanzamiento.jpg\",\"width\":720,\"height\":490},{\"@type\":\"BreadcrumbList\",\"@id\":\"https:\/\/www.lausinyvicente.com\/fr\/equipement-athletisme\/javelots\/ratelier-javelots#breadcrumb\",\"itemListElement\":[{\"@type\":\"ListItem\",\"position\":1,\"name\":\"Portada\",\"item\":\"https:\/\/www.lausinyvicente.com\/\"},{\"@type\":\"ListItem\",\"position\":2,\"name\":\"Boutique\",\"item\":\"https:\/\/www.lausinyvicente.com\/fr\/boutique\"},{\"@type\":\"ListItem\",\"position\":3,\"name\":\"R\u00e2telier pour javelots de lancement\"}]},{\"@type\":\"WebSite\",\"@id\":\"https:\/\/www.lausinyvicente.com\/#website\",\"url\":\"https:\/\/www.lausinyvicente.com\/\",\"name\":\"Laus\u00edn y Vicente\",\"description\":\"Fabricaci\u00f3n y distribuci\u00f3n de material deportivo\",\"potentialAction\":[{\"@type\":\"SearchAction\",\"target\":{\"@type\":\"EntryPoint\",\"urlTemplate\":\"https:\/\/www.lausinyvicente.com\/?s={search_term_string}\"},\"query-input\":{\"@type\":\"PropertyValueSpecification\",\"valueRequired\":true,\"valueName\":\"search_term_string\"}}],\"inLanguage\":\"fr-FR\"}]}<\/script>\n<!-- \/ Yoast SEO plugin. -->","yoast_head_json":{"title":"R\u00e2telier pour javelots de lancement - Laus\u00edn y Vicente","robots":{"index":"index","follow":"follow","max-snippet":"max-snippet:-1","max-image-preview":"max-image-preview:large","max-video-preview":"max-video-preview:-1"},"canonical":"https:\/\/www.lausinyvicente.com\/fr\/equipement-athletisme\/javelots\/ratelier-javelots","og_locale":"fr_FR","og_type":"article","og_title":"R\u00e2telier pour javelots de lancement - Laus\u00edn y Vicente","og_description":"Fabriqu\u00e9 avec profil\u00e9 \u00e0 froid section carr\u00e9e 30x30x2 mm et angulaire section de 30x30x3 mm. Le support est compos\u00e9 de deux montants verticaux et de deux niveaux diff\u00e9rents qui permettent de stocker les javelots verticalement. Peint en blanc avec de la peinture \u00e9poxy et s\u00e9ch\u00e9 au four. Contreplaqu\u00e9 en pin verni.","og_url":"https:\/\/www.lausinyvicente.com\/fr\/equipement-athletisme\/javelots\/ratelier-javelots","og_site_name":"Laus\u00edn y Vicente","og_image":[{"width":720,"height":490,"url":"https:\/\/www.lausinyvicente.com\/wp-content\/uploads\/2022\/11\/A.10.60-soporte-jabalinas-lanzamiento.jpg","type":"image\/jpeg"}],"twitter_card":"summary_large_image","schema":{"@context":"https:\/\/schema.org","@graph":[{"@type":"WebPage","@id":"https:\/\/www.lausinyvicente.com\/fr\/equipement-athletisme\/javelots\/ratelier-javelots","url":"https:\/\/www.lausinyvicente.com\/fr\/equipement-athletisme\/javelots\/ratelier-javelots","name":"R\u00e2telier pour javelots de lancement - Laus\u00edn y Vicente","isPartOf":{"@id":"https:\/\/www.lausinyvicente.com\/#website"},"primaryImageOfPage":{"@id":"https:\/\/www.lausinyvicente.com\/fr\/equipement-athletisme\/javelots\/ratelier-javelots#primaryimage"},"image":{"@id":"https:\/\/www.lausinyvicente.com\/fr\/equipement-athletisme\/javelots\/ratelier-javelots#primaryimage"},"thumbnailUrl":"https:\/\/www.lausinyvicente.com\/wp-content\/uploads\/2022\/11\/A.10.60-soporte-jabalinas-lanzamiento.jpg","datePublished":"2022-11-28T16:06:13+00:00","breadcrumb":{"@id":"https:\/\/www.lausinyvicente.com\/fr\/equipement-athletisme\/javelots\/ratelier-javelots#breadcrumb"},"inLanguage":"fr-FR","potentialAction":[{"@type":"ReadAction","target":["https:\/\/www.lausinyvicente.com\/fr\/equipement-athletisme\/javelots\/ratelier-javelots"]}]},{"@type":"ImageObject","inLanguage":"fr-FR","@id":"https:\/\/www.lausinyvicente.com\/fr\/equipement-athletisme\/javelots\/ratelier-javelots#primaryimage","url":"https:\/\/www.lausinyvicente.com\/wp-content\/uploads\/2022\/11\/A.10.60-soporte-jabalinas-lanzamiento.jpg","contentUrl":"https:\/\/www.lausinyvicente.com\/wp-content\/uploads\/2022\/11\/A.10.60-soporte-jabalinas-lanzamiento.jpg","width":720,"height":490},{"@type":"BreadcrumbList","@id":"https:\/\/www.lausinyvicente.com\/fr\/equipement-athletisme\/javelots\/ratelier-javelots#breadcrumb","itemListElement":[{"@type":"ListItem","position":1,"name":"Portada","item":"https:\/\/www.lausinyvicente.com\/"},{"@type":"ListItem","position":2,"name":"Boutique","item":"https:\/\/www.lausinyvicente.com\/fr\/boutique"},{"@type":"ListItem","position":3,"name":"R\u00e2telier pour javelots de lancement"}]},{"@type":"WebSite","@id":"https:\/\/www.lausinyvicente.com\/#website","url":"https:\/\/www.lausinyvicente.com\/","name":"Laus\u00edn y Vicente","description":"Fabricaci\u00f3n y distribuci\u00f3n de material deportivo","potentialAction":[{"@type":"SearchAction","target":{"@type":"EntryPoint","urlTemplate":"https:\/\/www.lausinyvicente.com\/?s={search_term_string}"},"query-input":{"@type":"PropertyValueSpecification","valueRequired":true,"valueName":"search_term_string"}}],"inLanguage":"fr-FR"}]}},"_links":{"self":[{"href":"https:\/\/www.lausinyvicente.com\/fr\/wp-json\/wp\/v2\/product\/4974","targetHints":{"allow":["GET"]}}],"collection":[{"href":"https:\/\/www.lausinyvicente.com\/fr\/wp-json\/wp\/v2\/product"}],"about":[{"href":"https:\/\/www.lausinyvicente.com\/fr\/wp-json\/wp\/v2\/types\/product"}],"wp:featuredmedia":[{"embeddable":true,"href":"https:\/\/www.lausinyvicente.com\/fr\/wp-json\/wp\/v2\/media\/2408"}],"wp:attachment":[{"href":"https:\/\/www.lausinyvicente.com\/fr\/wp-json\/wp\/v2\/media?parent=4974"}],"wp:term":[{"taxonomy":"product_cat","embeddable":true,"href":"https:\/\/www.lausinyvicente.com\/fr\/wp-json\/wp\/v2\/product_cat?post=4974"},{"taxonomy":"product_tag","embeddable":true,"href":"https:\/\/www.lausinyvicente.com\/fr\/wp-json\/wp\/v2\/product_tag?post=4974"}],"curies":[{"name":"wp","href":"https:\/\/api.w.org\/{rel}","templated":true}]}}