{"id":5238,"date":"2022-11-27T08:43:37","date_gmt":"2022-11-27T08:43:37","guid":{"rendered":"https:\/\/www.lausinyvicente.com\/non class\u00e9\/moule-et-reference-planche-dappel\/"},"modified":"2022-11-27T08:43:37","modified_gmt":"2022-11-27T08:43:37","slug":"moule-reference-planche-appel","status":"publish","type":"product","link":"https:\/\/www.lausinyvicente.com\/fr\/equipement-athletisme\/longueur\/moule-reference-planche-appel","title":{"rendered":"Moule et r\u00e9f\u00e9rence planche d\u2019appel"},"content":{"rendered":"","protected":false},"excerpt":{"rendered":"<p><strong>R\u00e9f\u00e9rence planche d\u2019appel<\/strong><\/p>\n<p>Plaques en aluminium pli\u00e9es en forme de triangle et peintes en deux couleurs (2 unit\u00e9s).<\/p>\n<p><strong>Moule pour appliquer la p\u00e2te \u00e0 modeler<\/strong><\/p>\n<p>Fabriqu\u00e9 en profil\u00e9 d\u2019acier 25x25x2 mm galvanis\u00e9 \u00e0 froid.<\/p>\n","protected":false},"featured_media":2312,"template":"","meta":[],"product_cat":[166,183],"product_tag":[],"class_list":{"0":"post-5238","1":"product","2":"type-product","3":"status-publish","4":"has-post-thumbnail","6":"product_cat-equipement-athletisme","7":"product_cat-longueur","9":"first","10":"instock","11":"shipping-taxable","12":"purchasable","13":"product-type-variable"},"yoast_head":"<!-- This site is optimized with the Yoast SEO plugin v27.0 - https:\/\/yoast.com\/product\/yoast-seo-wordpress\/ -->\n<title>Moule et r\u00e9f\u00e9rence planche d\u2019appel - Laus\u00edn y Vicente<\/title>\n<meta name=\"robots\" content=\"index, follow, max-snippet:-1, max-image-preview:large, max-video-preview:-1\" \/>\n<link rel=\"canonical\" href=\"https:\/\/www.lausinyvicente.com\/fr\/equipement-athletisme\/longueur\/moule-reference-planche-appel\" \/>\n<meta property=\"og:locale\" content=\"fr_FR\" \/>\n<meta property=\"og:type\" content=\"article\" \/>\n<meta property=\"og:title\" content=\"Moule et r\u00e9f\u00e9rence planche d\u2019appel - Laus\u00edn y Vicente\" \/>\n<meta property=\"og:description\" content=\"R\u00e9f\u00e9rence planche d\u2019appel Plaques en aluminium pli\u00e9es en forme de triangle et peintes en deux couleurs (2 unit\u00e9s). Moule pour appliquer la p\u00e2te \u00e0 modeler Fabriqu\u00e9 en profil\u00e9 d\u2019acier 25x25x2 mm galvanis\u00e9 \u00e0 froid.\" \/>\n<meta property=\"og:url\" content=\"https:\/\/www.lausinyvicente.com\/fr\/equipement-athletisme\/longueur\/moule-reference-planche-appel\" \/>\n<meta property=\"og:site_name\" content=\"Laus\u00edn y Vicente\" \/>\n<meta property=\"og:image\" content=\"https:\/\/www.lausinyvicente.com\/wp-content\/uploads\/2022\/11\/A.11.03-molde-referencia-tabla-batida.jpg\" \/>\n\t<meta property=\"og:image:width\" content=\"720\" \/>\n\t<meta property=\"og:image:height\" content=\"490\" \/>\n\t<meta property=\"og:image:type\" content=\"image\/jpeg\" \/>\n<meta name=\"twitter:card\" content=\"summary_large_image\" \/>\n<script type=\"application\/ld+json\" class=\"yoast-schema-graph\">{\"@context\":\"https:\/\/schema.org\",\"@graph\":[{\"@type\":\"WebPage\",\"@id\":\"https:\/\/www.lausinyvicente.com\/fr\/equipement-athletisme\/longueur\/moule-reference-planche-appel\",\"url\":\"https:\/\/www.lausinyvicente.com\/fr\/equipement-athletisme\/longueur\/moule-reference-planche-appel\",\"name\":\"Moule et r\u00e9f\u00e9rence planche d\u2019appel - Laus\u00edn y Vicente\",\"isPartOf\":{\"@id\":\"https:\/\/www.lausinyvicente.com\/#website\"},\"primaryImageOfPage\":{\"@id\":\"https:\/\/www.lausinyvicente.com\/fr\/equipement-athletisme\/longueur\/moule-reference-planche-appel#primaryimage\"},\"image\":{\"@id\":\"https:\/\/www.lausinyvicente.com\/fr\/equipement-athletisme\/longueur\/moule-reference-planche-appel#primaryimage\"},\"thumbnailUrl\":\"https:\/\/www.lausinyvicente.com\/wp-content\/uploads\/2022\/11\/A.11.03-molde-referencia-tabla-batida.jpg\",\"datePublished\":\"2022-11-27T08:43:37+00:00\",\"breadcrumb\":{\"@id\":\"https:\/\/www.lausinyvicente.com\/fr\/equipement-athletisme\/longueur\/moule-reference-planche-appel#breadcrumb\"},\"inLanguage\":\"fr-FR\",\"potentialAction\":[{\"@type\":\"ReadAction\",\"target\":[\"https:\/\/www.lausinyvicente.com\/fr\/equipement-athletisme\/longueur\/moule-reference-planche-appel\"]}]},{\"@type\":\"ImageObject\",\"inLanguage\":\"fr-FR\",\"@id\":\"https:\/\/www.lausinyvicente.com\/fr\/equipement-athletisme\/longueur\/moule-reference-planche-appel#primaryimage\",\"url\":\"https:\/\/www.lausinyvicente.com\/wp-content\/uploads\/2022\/11\/A.11.03-molde-referencia-tabla-batida.jpg\",\"contentUrl\":\"https:\/\/www.lausinyvicente.com\/wp-content\/uploads\/2022\/11\/A.11.03-molde-referencia-tabla-batida.jpg\",\"width\":720,\"height\":490},{\"@type\":\"BreadcrumbList\",\"@id\":\"https:\/\/www.lausinyvicente.com\/fr\/equipement-athletisme\/longueur\/moule-reference-planche-appel#breadcrumb\",\"itemListElement\":[{\"@type\":\"ListItem\",\"position\":1,\"name\":\"Portada\",\"item\":\"https:\/\/www.lausinyvicente.com\/\"},{\"@type\":\"ListItem\",\"position\":2,\"name\":\"Boutique\",\"item\":\"https:\/\/www.lausinyvicente.com\/fr\/boutique\"},{\"@type\":\"ListItem\",\"position\":3,\"name\":\"Moule et r\u00e9f\u00e9rence planche d\u2019appel\"}]},{\"@type\":\"WebSite\",\"@id\":\"https:\/\/www.lausinyvicente.com\/#website\",\"url\":\"https:\/\/www.lausinyvicente.com\/\",\"name\":\"Laus\u00edn y Vicente\",\"description\":\"Fabricaci\u00f3n y distribuci\u00f3n de material deportivo\",\"potentialAction\":[{\"@type\":\"SearchAction\",\"target\":{\"@type\":\"EntryPoint\",\"urlTemplate\":\"https:\/\/www.lausinyvicente.com\/?s={search_term_string}\"},\"query-input\":{\"@type\":\"PropertyValueSpecification\",\"valueRequired\":true,\"valueName\":\"search_term_string\"}}],\"inLanguage\":\"fr-FR\"}]}<\/script>\n<!-- \/ Yoast SEO plugin. -->","yoast_head_json":{"title":"Moule et r\u00e9f\u00e9rence planche d\u2019appel - Laus\u00edn y Vicente","robots":{"index":"index","follow":"follow","max-snippet":"max-snippet:-1","max-image-preview":"max-image-preview:large","max-video-preview":"max-video-preview:-1"},"canonical":"https:\/\/www.lausinyvicente.com\/fr\/equipement-athletisme\/longueur\/moule-reference-planche-appel","og_locale":"fr_FR","og_type":"article","og_title":"Moule et r\u00e9f\u00e9rence planche d\u2019appel - Laus\u00edn y Vicente","og_description":"R\u00e9f\u00e9rence planche d\u2019appel Plaques en aluminium pli\u00e9es en forme de triangle et peintes en deux couleurs (2 unit\u00e9s). Moule pour appliquer la p\u00e2te \u00e0 modeler Fabriqu\u00e9 en profil\u00e9 d\u2019acier 25x25x2 mm galvanis\u00e9 \u00e0 froid.","og_url":"https:\/\/www.lausinyvicente.com\/fr\/equipement-athletisme\/longueur\/moule-reference-planche-appel","og_site_name":"Laus\u00edn y Vicente","og_image":[{"width":720,"height":490,"url":"https:\/\/www.lausinyvicente.com\/wp-content\/uploads\/2022\/11\/A.11.03-molde-referencia-tabla-batida.jpg","type":"image\/jpeg"}],"twitter_card":"summary_large_image","schema":{"@context":"https:\/\/schema.org","@graph":[{"@type":"WebPage","@id":"https:\/\/www.lausinyvicente.com\/fr\/equipement-athletisme\/longueur\/moule-reference-planche-appel","url":"https:\/\/www.lausinyvicente.com\/fr\/equipement-athletisme\/longueur\/moule-reference-planche-appel","name":"Moule et r\u00e9f\u00e9rence planche d\u2019appel - Laus\u00edn y Vicente","isPartOf":{"@id":"https:\/\/www.lausinyvicente.com\/#website"},"primaryImageOfPage":{"@id":"https:\/\/www.lausinyvicente.com\/fr\/equipement-athletisme\/longueur\/moule-reference-planche-appel#primaryimage"},"image":{"@id":"https:\/\/www.lausinyvicente.com\/fr\/equipement-athletisme\/longueur\/moule-reference-planche-appel#primaryimage"},"thumbnailUrl":"https:\/\/www.lausinyvicente.com\/wp-content\/uploads\/2022\/11\/A.11.03-molde-referencia-tabla-batida.jpg","datePublished":"2022-11-27T08:43:37+00:00","breadcrumb":{"@id":"https:\/\/www.lausinyvicente.com\/fr\/equipement-athletisme\/longueur\/moule-reference-planche-appel#breadcrumb"},"inLanguage":"fr-FR","potentialAction":[{"@type":"ReadAction","target":["https:\/\/www.lausinyvicente.com\/fr\/equipement-athletisme\/longueur\/moule-reference-planche-appel"]}]},{"@type":"ImageObject","inLanguage":"fr-FR","@id":"https:\/\/www.lausinyvicente.com\/fr\/equipement-athletisme\/longueur\/moule-reference-planche-appel#primaryimage","url":"https:\/\/www.lausinyvicente.com\/wp-content\/uploads\/2022\/11\/A.11.03-molde-referencia-tabla-batida.jpg","contentUrl":"https:\/\/www.lausinyvicente.com\/wp-content\/uploads\/2022\/11\/A.11.03-molde-referencia-tabla-batida.jpg","width":720,"height":490},{"@type":"BreadcrumbList","@id":"https:\/\/www.lausinyvicente.com\/fr\/equipement-athletisme\/longueur\/moule-reference-planche-appel#breadcrumb","itemListElement":[{"@type":"ListItem","position":1,"name":"Portada","item":"https:\/\/www.lausinyvicente.com\/"},{"@type":"ListItem","position":2,"name":"Boutique","item":"https:\/\/www.lausinyvicente.com\/fr\/boutique"},{"@type":"ListItem","position":3,"name":"Moule et r\u00e9f\u00e9rence planche d\u2019appel"}]},{"@type":"WebSite","@id":"https:\/\/www.lausinyvicente.com\/#website","url":"https:\/\/www.lausinyvicente.com\/","name":"Laus\u00edn y Vicente","description":"Fabricaci\u00f3n y distribuci\u00f3n de material deportivo","potentialAction":[{"@type":"SearchAction","target":{"@type":"EntryPoint","urlTemplate":"https:\/\/www.lausinyvicente.com\/?s={search_term_string}"},"query-input":{"@type":"PropertyValueSpecification","valueRequired":true,"valueName":"search_term_string"}}],"inLanguage":"fr-FR"}]}},"_links":{"self":[{"href":"https:\/\/www.lausinyvicente.com\/fr\/wp-json\/wp\/v2\/product\/5238","targetHints":{"allow":["GET"]}}],"collection":[{"href":"https:\/\/www.lausinyvicente.com\/fr\/wp-json\/wp\/v2\/product"}],"about":[{"href":"https:\/\/www.lausinyvicente.com\/fr\/wp-json\/wp\/v2\/types\/product"}],"wp:featuredmedia":[{"embeddable":true,"href":"https:\/\/www.lausinyvicente.com\/fr\/wp-json\/wp\/v2\/media\/2312"}],"wp:attachment":[{"href":"https:\/\/www.lausinyvicente.com\/fr\/wp-json\/wp\/v2\/media?parent=5238"}],"wp:term":[{"taxonomy":"product_cat","embeddable":true,"href":"https:\/\/www.lausinyvicente.com\/fr\/wp-json\/wp\/v2\/product_cat?post=5238"},{"taxonomy":"product_tag","embeddable":true,"href":"https:\/\/www.lausinyvicente.com\/fr\/wp-json\/wp\/v2\/product_tag?post=5238"}],"curies":[{"name":"wp","href":"https:\/\/api.w.org\/{rel}","templated":true}]}}